{"id":1370,"date":"2023-10-25T15:14:14","date_gmt":"2023-10-25T15:14:14","guid":{"rendered":"https:\/\/www.flower-soul.com\/?page_id=1370"},"modified":"2023-10-25T15:33:45","modified_gmt":"2023-10-25T15:33:45","slug":"design-dinterieur-jardins-verticaux","status":"publish","type":"page","link":"https:\/\/www.flower-soul.com\/fr\/design-dinterieur-jardins-verticaux\/","title":{"rendered":"DESIGN D\u2019INT\u00c9RIEUR &#038; JARDINS VERTICAUX"},"content":{"rendered":"<section class=\"wpb-content-wrapper\"><p>[vc_row css_animation=\u00a0\u00bb\u00a0\u00bb row_type=\u00a0\u00bbrow\u00a0\u00bb use_row_as_full_screen_section=\u00a0\u00bbno\u00a0\u00bb type=\u00a0\u00bbgrid\u00a0\u00bb angled_section=\u00a0\u00bbno\u00a0\u00bb text_align=\u00a0\u00bbleft\u00a0\u00bb background_image_as_pattern=\u00a0\u00bbwithout_pattern\u00a0\u00bb padding_top=\u00a0\u00bb70&Prime; padding_bottom=\u00a0\u00bb50&Prime; z_index=\u00a0\u00bb\u00a0\u00bb css=\u00a0\u00bb.vc_custom_1693295118050{margin-top: -60px !important;}\u00a0\u00bb][vc_column][vc_column_text]<\/p>\n<h1>DESIGN D\u2019INT\u00c9RIEUR <span style=\"color: #333300;\">&amp; JARDINS VERTICAUX<\/span><\/h1>\n<p>[\/vc_column_text][vc_empty_space height=\u00a0\u00bb60px\u00a0\u00bb][vc_column_text]La biophilie est le lien inn\u00e9 que les \u00eatres humains entretiennent avec les plantes et les animaux.<\/p>\n<p>Le fait d&rsquo;\u00eatre entour\u00e9 par la nature a un impact positif sur nos \u00e9motions et notre fa\u00e7on de penser.<\/p>\n<p>L\u2019utilisation de la v\u00e9g\u00e9tation dans la d\u00e9coration d&rsquo;int\u00e9rieur apporte une valeur ajout\u00e9e \u00e0 nos projets.<\/p>\n<p>L\u2019un des objectifs fondamentaux pour le choix des jardins verticaux dans les maisons, restaurants, espaces commerciaux ou environnements de travail est de g\u00e9n\u00e9rer une atmosph\u00e8re plus confortable, am\u00e9liorant la productivit\u00e9 et l\u2019\u00e9tat de bien-\u00eatre des personnes qui y ont acc\u00e8s.<\/p>\n<p>Ils transforment les espaces en environnements plus paisibles, plus sains et esth\u00e9tiquement plus frais.<\/p>\n<p>D\u2019autre part, ils remplissent des conditions plus techniques; ils absorbent le bruit ambiant, contribuant \u00e0 lutter contre la pollution sonore, ce qui les rend doublement recommand\u00e9s pour une utilisation dans les espaces de travail.<\/p>\n<p>Ces multiples fonctions font des jardins verticaux une option int\u00e9ressante et utile \u00e0 prendre en compte pour am\u00e9liorer les environnements, ceci \u00e9tant le moyen id\u00e9al d\u2019introduire la nature dans les espaces urbains.<\/p>\n<p>Enfin, leur entretien minimal (ils n\u2019ont pas besoin d\u2019arrosage ou de lumi\u00e8re naturelle) en fait une solution durable, polyvalente et facilement adaptable \u00e0 n\u2019importe quel espace.[\/vc_column_text][vc_empty_space height=\u00a0\u00bb40px\u00a0\u00bb][\/vc_column][\/vc_row][vc_row css_animation=\u00a0\u00bb\u00a0\u00bb row_type=\u00a0\u00bbrow\u00a0\u00bb use_row_as_full_screen_section=\u00a0\u00bbno\u00a0\u00bb type=\u00a0\u00bbfull_width\u00a0\u00bb angled_section=\u00a0\u00bbno\u00a0\u00bb text_align=\u00a0\u00bbleft\u00a0\u00bb background_image_as_pattern=\u00a0\u00bbwithout_pattern\u00a0\u00bb z_index=\u00a0\u00bb\u00a0\u00bb][vc_column width=\u00a0\u00bb2\/5&Prime; css=\u00a0\u00bb.vc_custom_1695307307346{margin-bottom: 40px !important;padding-top: 460px !important;padding-bottom: 0px !important;background-image: url(https:\/\/www.flower-soul.com\/wp-content\/uploads\/2023\/08\/HALL-OFICINAS-Calle-Goya-Madrid.jpg?id=1377) !important;background-position: center !important;background-repeat: no-repeat !important;background-size: cover !important;}\u00a0\u00bb][vc_column_text]<\/p>\n<h2 style=\"text-align: center;\"><a href=\"https:\/\/www.flower-soul.com\/fr\/jardins-verticaux\/jardins-verticaux-preserves\/\">jardins verticaux<\/a><\/h2>\n<p>[\/vc_column_text][\/vc_column][vc_column width=\u00a0\u00bb2\/5&Prime; css=\u00a0\u00bb.vc_custom_1695307313546{margin-bottom: 40px !important;padding-top: 460px !important;padding-bottom: 0px !important;background-image: url(https:\/\/www.flower-soul.com\/wp-content\/uploads\/2023\/08\/HALL-OFICINAS-Alcobendas-Madrid.jpg?id=1254) !important;background-position: center !important;background-repeat: no-repeat !important;background-size: cover !important;}\u00a0\u00bb][vc_column_text]<\/p>\n<h2 style=\"text-align: center;\"><span style=\"color: #bd0926;\"><a style=\"color: #bd0926;\" href=\"#\">d\u00e9corations sp\u00e9ciales<\/a><\/span><\/h2>\n<p>[\/vc_column_text][\/vc_column][vc_column width=\u00a0\u00bb1\/5&Prime; css=\u00a0\u00bb.vc_custom_1695307319447{margin-bottom: 40px !important;padding-top: 460px !important;background-image: url(https:\/\/www.flower-soul.com\/wp-content\/uploads\/2020\/05\/46D45F47-B1A0-4637-AB45-5078EC83BDD0.jpg?id=1025) !important;background-position: center !important;background-repeat: no-repeat !important;background-size: cover !important;}\u00a0\u00bb][vc_column_text]<\/p>\n<h2 style=\"text-align: center;\"><a href=\"https:\/\/www.flower-soul.com\/fr\/portfolio\/#portfolio_category_12\">terrariums<\/a><\/h2>\n<p>[\/vc_column_text][\/vc_column][\/vc_row][vc_row css_animation=\u00a0\u00bb\u00a0\u00bb row_type=\u00a0\u00bbrow\u00a0\u00bb use_row_as_full_screen_section=\u00a0\u00bbno\u00a0\u00bb type=\u00a0\u00bbfull_width\u00a0\u00bb angled_section=\u00a0\u00bbno\u00a0\u00bb text_align=\u00a0\u00bbleft\u00a0\u00bb background_image_as_pattern=\u00a0\u00bbwithout_pattern\u00a0\u00bb][vc_column][vc_empty_space height=\u00a0\u00bb120px\u00a0\u00bb][\/vc_column][\/vc_row]<\/p>\n<\/section>","protected":false},"excerpt":{"rendered":"<p>[vc_row css_animation=\u00a0\u00bb\u00a0\u00bb row_type=\u00a0\u00bbrow\u00a0\u00bb use_row_as_full_screen_section=\u00a0\u00bbno\u00a0\u00bb type=\u00a0\u00bbgrid\u00a0\u00bb angled_section=\u00a0\u00bbno\u00a0\u00bb text_align=\u00a0\u00bbleft\u00a0\u00bb background_image_as_pattern=\u00a0\u00bbwithout_pattern\u00a0\u00bb padding_top=\u00a0\u00bb70&Prime; padding_bottom=\u00a0\u00bb50&Prime; z_index=\u00a0\u00bb\u00a0\u00bb css=\u00a0\u00bb.vc_custom_1693295118050{margin-top: -60px !important;}\u00a0\u00bb][vc_column][vc_column_text] DESIGN D\u2019INT\u00c9RIEUR &amp; JARDINS VERTICAUX [\/vc_column_text][vc_empty_space height=\u00a0\u00bb60px\u00a0\u00bb][vc_column_text]La biophilie est le lien inn\u00e9 que les \u00eatres humains entretiennent avec les plantes et les animaux. Le fait d&rsquo;\u00eatre entour\u00e9 par la nature a&#8230;<\/p>\n","protected":false},"author":1,"featured_media":0,"parent":0,"menu_order":0,"comment_status":"closed","ping_status":"closed","template":"full_width.php","meta":{"jetpack_post_was_ever_published":false,"footnotes":""},"yoast_head":"<!-- This site is optimized with the Yoast SEO plugin v22.5 - https:\/\/yoast.com\/wordpress\/plugins\/seo\/ -->\n<title>DESIGN D\u2019INT\u00c9RIEUR &amp; JARDINS VERTICAUX - Madrid<\/title>\n<meta name=\"description\" content=\"Le fait d&#039;\u00eatre entour\u00e9 par la nature a un impact positif sur nos \u00e9motions et notre fa\u00e7on de penser.\" \/>\n<meta name=\"robots\" content=\"index, follow, max-snippet:-1, max-image-preview:large, max-video-preview:-1\" \/>\n<link rel=\"canonical\" href=\"https:\/\/www.flower-soul.com\/fr\/design-dinterieur-jardins-verticaux\/\" \/>\n<meta property=\"og:locale\" content=\"fr_FR\" \/>\n<meta property=\"og:type\" content=\"article\" \/>\n<meta property=\"og:title\" content=\"DESIGN D\u2019INT\u00c9RIEUR &amp; JARDINS VERTICAUX - Madrid\" \/>\n<meta property=\"og:description\" content=\"Le fait d&#039;\u00eatre entour\u00e9 par la nature a un impact positif sur nos \u00e9motions et notre fa\u00e7on de penser.\" \/>\n<meta property=\"og:url\" content=\"https:\/\/www.flower-soul.com\/fr\/design-dinterieur-jardins-verticaux\/\" \/>\n<meta property=\"og:site_name\" content=\"Flower Soul\" \/>\n<meta property=\"article:modified_time\" content=\"2023-10-25T15:33:45+00:00\" \/>\n<meta name=\"twitter:card\" content=\"summary_large_image\" \/>\n<meta name=\"twitter:label1\" content=\"Dur\u00e9e de lecture estim\u00e9e\" \/>\n\t<meta name=\"twitter:data1\" content=\"2 minutes\" \/>\n<script type=\"application\/ld+json\" class=\"yoast-schema-graph\">{\"@context\":\"https:\/\/schema.org\",\"@graph\":[{\"@type\":\"WebPage\",\"@id\":\"https:\/\/www.flower-soul.com\/fr\/design-dinterieur-jardins-verticaux\/\",\"url\":\"https:\/\/www.flower-soul.com\/fr\/design-dinterieur-jardins-verticaux\/\",\"name\":\"DESIGN D\u2019INT\u00c9RIEUR & JARDINS VERTICAUX - Madrid\",\"isPartOf\":{\"@id\":\"https:\/\/www.flower-soul.com\/fr\/#website\"},\"datePublished\":\"2023-10-25T15:14:14+00:00\",\"dateModified\":\"2023-10-25T15:33:45+00:00\",\"description\":\"Le fait d'\u00eatre entour\u00e9 par la nature a un impact positif sur nos \u00e9motions et notre fa\u00e7on de penser.\",\"breadcrumb\":{\"@id\":\"https:\/\/www.flower-soul.com\/fr\/design-dinterieur-jardins-verticaux\/#breadcrumb\"},\"inLanguage\":\"fr-FR\",\"potentialAction\":[{\"@type\":\"ReadAction\",\"target\":[\"https:\/\/www.flower-soul.com\/fr\/design-dinterieur-jardins-verticaux\/\"]}]},{\"@type\":\"BreadcrumbList\",\"@id\":\"https:\/\/www.flower-soul.com\/fr\/design-dinterieur-jardins-verticaux\/#breadcrumb\",\"itemListElement\":[{\"@type\":\"ListItem\",\"position\":1,\"name\":\"Portada\",\"item\":\"https:\/\/www.flower-soul.com\/fr\/\"},{\"@type\":\"ListItem\",\"position\":2,\"name\":\"DESIGN D\u2019INT\u00c9RIEUR &#038; JARDINS VERTICAUX\"}]},{\"@type\":\"WebSite\",\"@id\":\"https:\/\/www.flower-soul.com\/fr\/#website\",\"url\":\"https:\/\/www.flower-soul.com\/fr\/\",\"name\":\"Flower Soul\",\"description\":\"Jardines Verticales y Cuadros Vegetales\",\"potentialAction\":[{\"@type\":\"SearchAction\",\"target\":{\"@type\":\"EntryPoint\",\"urlTemplate\":\"https:\/\/www.flower-soul.com\/fr\/?s={search_term_string}\"},\"query-input\":\"required name=search_term_string\"}],\"inLanguage\":\"fr-FR\"}]}<\/script>\n<!-- \/ Yoast SEO plugin. -->","yoast_head_json":{"title":"DESIGN D\u2019INT\u00c9RIEUR & JARDINS VERTICAUX - Madrid","description":"Le fait d'\u00eatre entour\u00e9 par la nature a un impact positif sur nos \u00e9motions et notre fa\u00e7on de penser.","robots":{"index":"index","follow":"follow","max-snippet":"max-snippet:-1","max-image-preview":"max-image-preview:large","max-video-preview":"max-video-preview:-1"},"canonical":"https:\/\/www.flower-soul.com\/fr\/design-dinterieur-jardins-verticaux\/","og_locale":"fr_FR","og_type":"article","og_title":"DESIGN D\u2019INT\u00c9RIEUR & JARDINS VERTICAUX - Madrid","og_description":"Le fait d'\u00eatre entour\u00e9 par la nature a un impact positif sur nos \u00e9motions et notre fa\u00e7on de penser.","og_url":"https:\/\/www.flower-soul.com\/fr\/design-dinterieur-jardins-verticaux\/","og_site_name":"Flower Soul","article_modified_time":"2023-10-25T15:33:45+00:00","twitter_card":"summary_large_image","twitter_misc":{"Dur\u00e9e de lecture estim\u00e9e":"2 minutes"},"schema":{"@context":"https:\/\/schema.org","@graph":[{"@type":"WebPage","@id":"https:\/\/www.flower-soul.com\/fr\/design-dinterieur-jardins-verticaux\/","url":"https:\/\/www.flower-soul.com\/fr\/design-dinterieur-jardins-verticaux\/","name":"DESIGN D\u2019INT\u00c9RIEUR & JARDINS VERTICAUX - Madrid","isPartOf":{"@id":"https:\/\/www.flower-soul.com\/fr\/#website"},"datePublished":"2023-10-25T15:14:14+00:00","dateModified":"2023-10-25T15:33:45+00:00","description":"Le fait d'\u00eatre entour\u00e9 par la nature a un impact positif sur nos \u00e9motions et notre fa\u00e7on de penser.","breadcrumb":{"@id":"https:\/\/www.flower-soul.com\/fr\/design-dinterieur-jardins-verticaux\/#breadcrumb"},"inLanguage":"fr-FR","potentialAction":[{"@type":"ReadAction","target":["https:\/\/www.flower-soul.com\/fr\/design-dinterieur-jardins-verticaux\/"]}]},{"@type":"BreadcrumbList","@id":"https:\/\/www.flower-soul.com\/fr\/design-dinterieur-jardins-verticaux\/#breadcrumb","itemListElement":[{"@type":"ListItem","position":1,"name":"Portada","item":"https:\/\/www.flower-soul.com\/fr\/"},{"@type":"ListItem","position":2,"name":"DESIGN D\u2019INT\u00c9RIEUR &#038; JARDINS VERTICAUX"}]},{"@type":"WebSite","@id":"https:\/\/www.flower-soul.com\/fr\/#website","url":"https:\/\/www.flower-soul.com\/fr\/","name":"Flower Soul","description":"Jardines Verticales y Cuadros Vegetales","potentialAction":[{"@type":"SearchAction","target":{"@type":"EntryPoint","urlTemplate":"https:\/\/www.flower-soul.com\/fr\/?s={search_term_string}"},"query-input":"required name=search_term_string"}],"inLanguage":"fr-FR"}]}},"jetpack_sharing_enabled":true,"jetpack_shortlink":"https:\/\/wp.me\/PaVqaq-m6","_links":{"self":[{"href":"https:\/\/www.flower-soul.com\/fr\/wp-json\/wp\/v2\/pages\/1370"}],"collection":[{"href":"https:\/\/www.flower-soul.com\/fr\/wp-json\/wp\/v2\/pages"}],"about":[{"href":"https:\/\/www.flower-soul.com\/fr\/wp-json\/wp\/v2\/types\/page"}],"author":[{"embeddable":true,"href":"https:\/\/www.flower-soul.com\/fr\/wp-json\/wp\/v2\/users\/1"}],"replies":[{"embeddable":true,"href":"https:\/\/www.flower-soul.com\/fr\/wp-json\/wp\/v2\/comments?post=1370"}],"version-history":[{"count":6,"href":"https:\/\/www.flower-soul.com\/fr\/wp-json\/wp\/v2\/pages\/1370\/revisions"}],"predecessor-version":[{"id":1749,"href":"https:\/\/www.flower-soul.com\/fr\/wp-json\/wp\/v2\/pages\/1370\/revisions\/1749"}],"wp:attachment":[{"href":"https:\/\/www.flower-soul.com\/fr\/wp-json\/wp\/v2\/media?parent=1370"}],"curies":[{"name":"wp","href":"https:\/\/api.w.org\/{rel}","templated":true}]}}